{"id":58,"date":"2018-11-07T08:40:33","date_gmt":"2018-11-07T07:40:33","guid":{"rendered":"http:\/\/parr78.fr\/Wpress\/?page_id=58"},"modified":"2026-03-04T15:49:15","modified_gmt":"2026-03-04T14:49:15","slug":"qui-sommes-nous","status":"publish","type":"page","link":"https:\/\/parr78.fr\/Wpress\/qui-sommes-nous\/","title":{"rendered":"Qui sommes-nous ?"},"content":{"rendered":"\t\t<div data-elementor-type=\"wp-post\" data-elementor-id=\"58\" class=\"elementor elementor-58\">\n\t\t\t\t\t\t<section class=\"elementor-section elementor-top-section elementor-element elementor-element-5b80fc6 elementor-section-boxed elementor-section-height-default elementor-section-height-default\" data-id=\"5b80fc6\" data-element_type=\"section\" data-e-type=\"section\" data-settings=\"{&quot;background_background&quot;:&quot;classic&quot;}\">\n\t\t\t\t\t\t<div class=\"elementor-container elementor-column-gap-default\">\n\t\t\t\t\t<div class=\"elementor-column elementor-col-33 elementor-top-column elementor-element elementor-element-ea0ecb3\" data-id=\"ea0ecb3\" data-element_type=\"column\" data-e-type=\"column\">\n\t\t\t<div class=\"elementor-widget-wrap elementor-element-populated\">\n\t\t\t\t\t\t<div class=\"elementor-element elementor-element-81a25d7 elementor-widget elementor-widget-heading\" data-id=\"81a25d7\" data-element_type=\"widget\" data-e-type=\"widget\" data-widget_type=\"heading.default\">\n\t\t\t\t<div class=\"elementor-widget-container\">\n\t\t\t\t\t<h2 class=\"elementor-heading-title elementor-size-default\">Nos objectifs<\/h2>\t\t\t\t<\/div>\n\t\t\t\t<\/div>\n\t\t\t\t<div class=\"elementor-element elementor-element-ddc950d elementor-widget elementor-widget-text-editor\" data-id=\"ddc950d\" data-element_type=\"widget\" data-e-type=\"widget\" data-widget_type=\"text-editor.default\">\n\t\t\t\t<div class=\"elementor-widget-container\">\n\t\t\t\t\t\t\t\t\t<p>Cr\u00e9\u00e9e en 2002, PARR est une Association Loi 1901, qui compte pr\u00e8s de 200 adh\u00e9rents, unis dans l&rsquo;int\u00e9r\u00eat qu&rsquo;ils portent au patrimoine urbain et rural de Rambouillet et de sa r\u00e9gion. <br \/>L&rsquo;association organise donc chaque ann\u00e9e de nombreuses conf\u00e9rences et visites. Elles sont annonc\u00e9es sur ce site.<br \/>Mais PARR est \u00e9galement r\u00e9f\u00e9renc\u00e9e aupr\u00e8s de la Mairie et de certains organismes publics. Elle leur apporte ainsi l&rsquo;avis de ses membres dans l&rsquo;\u00e9tude des projets locaux.<\/p><div class=\"bleuazur\"><h2>PARR poursuit 3 objectifs :<\/h2><\/div><ul><li>Faire conna\u00eetre ce patrimoine et le valoriser en organisant des expositions, des visites, des conf\u00e9rences des actions scolaires ou p\u00e9dagogiques, des publications, des articles de presse, d&rsquo;exercer une vigilance active en se tenant inform\u00e9e des projets touchant le patrimoine, l&rsquo;environnement ou l&rsquo;urbanisme\u00a0;<\/li><li>S&rsquo;assurer que le cadre urbain ne soit pas d\u00e9figur\u00e9 par des am\u00e9nagements excessifs et peu conformes \u00e0 l&rsquo;\u00e9quilibre urbain et paysager<\/li><li>Veiller \u00e0 l&rsquo;\u00e9l\u00e9gance et \u00e0 l&rsquo;harmonie des nouvelles r\u00e9alisations urbaines, industrielles ou commerciales sans exclure les contrastes et les innovations.<\/li><\/ul><div class=\"bleuazur\"><h2>Pour optimiser son action,<\/h2><\/div><ul><li>Parr s&rsquo;est entour\u00e9e de conseillers techniques en architecture, histoire, musique, peinture, agronomie et agriculture, sylviculture, urbanisme, entre autres, qui sont sollicit\u00e9s selon les dossiers trait\u00e9s,<\/li><li>et souhaite trouver des correspondants dans les diff\u00e9rentes communes du secteur.<\/li><\/ul>\t\t\t\t\t\t\t\t<\/div>\n\t\t\t\t<\/div>\n\t\t\t\t\t<\/div>\n\t\t<\/div>\n\t\t\t\t<div class=\"elementor-column elementor-col-33 elementor-top-column elementor-element elementor-element-54090c8\" data-id=\"54090c8\" data-element_type=\"column\" data-e-type=\"column\" data-settings=\"{&quot;background_background&quot;:&quot;classic&quot;}\">\n\t\t\t<div class=\"elementor-widget-wrap elementor-element-populated\">\n\t\t\t\t\t\t<div class=\"elementor-element elementor-element-6b39a6b elementor-widget elementor-widget-heading\" data-id=\"6b39a6b\" data-element_type=\"widget\" data-e-type=\"widget\" data-widget_type=\"heading.default\">\n\t\t\t\t<div class=\"elementor-widget-container\">\n\t\t\t\t\t<h2 class=\"elementor-heading-title elementor-size-default\">Notre association<\/h2>\t\t\t\t<\/div>\n\t\t\t\t<\/div>\n\t\t\t\t<div class=\"elementor-element elementor-element-fe93c4e elementor-widget elementor-widget-text-editor\" data-id=\"fe93c4e\" data-element_type=\"widget\" data-e-type=\"widget\" data-widget_type=\"text-editor.default\">\n\t\t\t\t<div class=\"elementor-widget-container\">\n\t\t\t\t\t\t\t\t\t<h2><em>On ne pr\u00e9sente pas Rambouillet&#8230;<\/em><\/h2><p><em>Vous y \u00eates pass\u00e9 un jour, pour visiter le Ch\u00e2teau -longtemps r\u00e9sidence du Pr\u00e9sident de la R\u00e9publique- , la Bergerie Nationale, le parc, ou simplement pour vous promener \u00e0 pied, en v\u00e9lo ou \u00e0 cheval dans notre magnifique for\u00eat domaniale.<\/em><br \/><em>A moins que, comme nous, vous n&rsquo;y habitiez, conquis par le charme de notre petite ville et de sa r\u00e9gion.<\/em><\/p><p><em><strong>PARR<\/strong> regroupe celles et ceux qui souhaitent mieux la conna\u00eetre\u00a0: d\u00e9couvrir son histoire \u2013 la \u00ab\u00a0grande histoire\u00a0\u00bb de quelques monuments , mais aussi la \u00ab\u00a0petite histoire\u00a0\u00bb de toutes les constructions, les paysages, les arbres qui l&rsquo;ont fa\u00e7onn\u00e9e \u00e0 travers les si\u00e8cles- en partageant nos souvenirs&#8230;<\/em><\/p><p><em>Derri\u00e8re cette curiosit\u00e9 et cet int\u00e9r\u00eat pour notre pass\u00e9, il n&rsquo;y a pas le d\u00e9sir de nous opposer \u00e0 tout changement, pour vivre dans un mus\u00e9e, mais la pr\u00e9occupation de veiller \u00e0 ce que l&rsquo;\u00e9volution de notre r\u00e9gion se fasse dans l&rsquo;harmonie, et le respect de son histoire. D&rsquo;o\u00f9 notre devise -et notre programme : <b>\u00ab\u00a0Du pass\u00e9 construisons l&rsquo;avenir\u00a0\u00bb<\/b><\/em><\/p><p><em>Ces quelques pages vous donneront une id\u00e9e des activit\u00e9s de PARR. Quant \u00e0 l&rsquo;amiti\u00e9 que vous y trouverez, nous vous invitons \u00e0 la d\u00e9couvrir vous-m\u00eame, en vous joignant \u00e0 nous lors de notre prochaine conf\u00e9rence ou de notre prochaine sortie.<\/em><\/p><p><em>Jean Berny<\/em><\/p>\t\t\t\t\t\t\t\t<\/div>\n\t\t\t\t<\/div>\n\t\t\t\t<div class=\"elementor-element elementor-element-3ac0ead elementor-widget elementor-widget-image\" data-id=\"3ac0ead\" data-element_type=\"widget\" data-e-type=\"widget\" data-widget_type=\"image.default\">\n\t\t\t\t<div class=\"elementor-widget-container\">\n\t\t\t\t\t\t\t\t\t\t\t\t<figure class=\"wp-caption\">\n\t\t\t\t\t\t\t\t\t\t<img fetchpriority=\"high\" decoding=\"async\" width=\"500\" height=\"334\" src=\"https:\/\/parr78.fr\/Wpress\/wp-content\/uploads\/2018\/11\/chateau-1.jpg\" class=\"attachment-large size-large wp-image-78\" alt=\"le Chateau de Rambouillet en hiver\" srcset=\"https:\/\/parr78.fr\/Wpress\/wp-content\/uploads\/2018\/11\/chateau-1.jpg 500w, https:\/\/parr78.fr\/Wpress\/wp-content\/uploads\/2018\/11\/chateau-1-300x200.jpg 300w\" sizes=\"(max-width: 500px) 100vw, 500px\" \/>\t\t\t\t\t\t\t\t\t\t\t<figcaption class=\"widget-image-caption wp-caption-text\">le Ch\u00e2teau de Rambouillet en hiver<\/figcaption>\n\t\t\t\t\t\t\t\t\t\t<\/figure>\n\t\t\t\t\t\t\t\t\t<\/div>\n\t\t\t\t<\/div>\n\t\t\t\t\t<\/div>\n\t\t<\/div>\n\t\t\t\t<div class=\"elementor-column elementor-col-33 elementor-top-column elementor-element elementor-element-06bccd3\" data-id=\"06bccd3\" data-element_type=\"column\" data-e-type=\"column\">\n\t\t\t<div class=\"elementor-widget-wrap elementor-element-populated\">\n\t\t\t\t\t\t<div class=\"elementor-element elementor-element-6e60109 elementor-widget elementor-widget-heading\" data-id=\"6e60109\" data-element_type=\"widget\" data-e-type=\"widget\" data-widget_type=\"heading.default\">\n\t\t\t\t<div class=\"elementor-widget-container\">\n\t\t\t\t\t<h2 class=\"elementor-heading-title elementor-size-default\">Notre bureau<\/h2>\t\t\t\t<\/div>\n\t\t\t\t<\/div>\n\t\t\t\t<div class=\"elementor-element elementor-element-969e2a5 elementor-widget elementor-widget-text-editor\" data-id=\"969e2a5\" data-element_type=\"widget\" data-e-type=\"widget\" data-widget_type=\"text-editor.default\">\n\t\t\t\t<div class=\"elementor-widget-container\">\n\t\t\t\t\t\t\t\t\t<div class=\"bleuazur\"><h2>Le Conseil d&rsquo;Administration<\/h2><\/div><p><b> Pr\u00e9sidents d&rsquo;honneur<\/b>: Catherine Comas, Jean BERNY.<br \/><b>Pr\u00e9sident :<\/b> Marc ROBERT.<br \/><b>Vice-Pr\u00e9sidents :<\/b> Ren\u00e9 BARBERYE, Pierre-Yves BURGAUD<br \/><b>Tr\u00e9sorier :<\/b> Georges CASARI<br \/><b>Secr\u00e9taire :<\/b> Ren\u00e9 FISCHER<br \/><b>Tr\u00e9sorier Adjoint : <\/b> G\u00e9rard CLAISSE<br \/><b>Membres:<\/b> Yves PACAULT, Jean PIQUET,\u00a0<br \/><strong>Conseiller technique :<\/strong> R.FISHER, M. CHAUVEAU.<\/p>\t\t\t\t\t\t\t\t<\/div>\n\t\t\t\t<\/div>\n\t\t\t\t<div class=\"elementor-element elementor-element-8a503ef elementor-widget elementor-widget-image\" data-id=\"8a503ef\" data-element_type=\"widget\" data-e-type=\"widget\" data-widget_type=\"image.default\">\n\t\t\t\t<div class=\"elementor-widget-container\">\n\t\t\t\t\t\t\t\t\t\t\t\t<figure class=\"wp-caption\">\n\t\t\t\t\t\t\t\t\t\t<img decoding=\"async\" width=\"400\" height=\"314\" data-src=\"https:\/\/parr78.fr\/Wpress\/wp-content\/uploads\/2019\/01\/AG.jpg\" class=\"attachment-large size-large wp-image-850 lazyload\" alt=\"\" data-srcset=\"https:\/\/parr78.fr\/Wpress\/wp-content\/uploads\/2019\/01\/AG.jpg 400w, https:\/\/parr78.fr\/Wpress\/wp-content\/uploads\/2019\/01\/AG-300x236.jpg 300w\" data-sizes=\"(max-width: 400px) 100vw, 400px\" src=\"data:image\/svg+xml;base64,PHN2ZyB3aWR0aD0iMSIgaGVpZ2h0PSIxIiB4bWxucz0iaHR0cDovL3d3dy53My5vcmcvMjAwMC9zdmciPjwvc3ZnPg==\" style=\"--smush-placeholder-width: 400px; --smush-placeholder-aspect-ratio: 400\/314;\" \/>\t\t\t\t\t\t\t\t\t\t\t<figcaption class=\"widget-image-caption wp-caption-text\">Monsieur le maire intervient lors de l'AG 2019<\/figcaption>\n\t\t\t\t\t\t\t\t\t\t<\/figure>\n\t\t\t\t\t\t\t\t\t<\/div>\n\t\t\t\t<\/div>\n\t\t\t\t<div class=\"elementor-element elementor-element-8b6b044 elementor-widget elementor-widget-text-editor\" data-id=\"8b6b044\" data-element_type=\"widget\" data-e-type=\"widget\" data-widget_type=\"text-editor.default\">\n\t\t\t\t<div class=\"elementor-widget-container\">\n\t\t\t\t\t\t\t\t\t<div class=\"bleuazur\"><h2>\u00a0<\/h2><h2>\u00a0\u00a0 Nos membres fondateurs :<\/h2><\/div>\t\t\t\t\t\t\t\t<\/div>\n\t\t\t\t<\/div>\n\t\t\t\t<section class=\"elementor-section elementor-inner-section elementor-element elementor-element-2d9262b elementor-section-boxed elementor-section-height-default elementor-section-height-default\" data-id=\"2d9262b\" data-element_type=\"section\" data-e-type=\"section\">\n\t\t\t\t\t\t<div class=\"elementor-container elementor-column-gap-default\">\n\t\t\t\t\t<div class=\"elementor-column elementor-col-50 elementor-inner-column elementor-element elementor-element-b4651de\" data-id=\"b4651de\" data-element_type=\"column\" data-e-type=\"column\">\n\t\t\t<div class=\"elementor-widget-wrap elementor-element-populated\">\n\t\t\t\t\t\t<div class=\"elementor-element elementor-element-c9c45dc elementor-widget elementor-widget-text-editor\" data-id=\"c9c45dc\" data-element_type=\"widget\" data-e-type=\"widget\" data-widget_type=\"text-editor.default\">\n\t\t\t\t<div class=\"elementor-widget-container\">\n\t\t\t\t\t\t\t\t\t<ul><li>Jean BLECON<\/li><li>Georges CASARI<\/li><li>Gerard CLAISSE<\/li><li>Catherine COMAS<\/li><\/ul>\t\t\t\t\t\t\t\t<\/div>\n\t\t\t\t<\/div>\n\t\t\t\t\t<\/div>\n\t\t<\/div>\n\t\t\t\t<div class=\"elementor-column elementor-col-50 elementor-inner-column elementor-element elementor-element-9104eaf\" data-id=\"9104eaf\" data-element_type=\"column\" data-e-type=\"column\">\n\t\t\t<div class=\"elementor-widget-wrap elementor-element-populated\">\n\t\t\t\t\t\t<div class=\"elementor-element elementor-element-af0b078 elementor-widget elementor-widget-text-editor\" data-id=\"af0b078\" data-element_type=\"widget\" data-e-type=\"widget\" data-widget_type=\"text-editor.default\">\n\t\t\t\t<div class=\"elementor-widget-container\">\n\t\t\t\t\t\t\t\t\t<ul><li>Jean-No\u00ebl CORDIER<\/li><li>Gis\u00e8le DESCHAMPS<\/li><li>Pierre QUEMARD<\/li><li>Jean-Eric ULLERN<\/li><\/ul>\t\t\t\t\t\t\t\t<\/div>\n\t\t\t\t<\/div>\n\t\t\t\t\t<\/div>\n\t\t<\/div>\n\t\t\t\t\t<\/div>\n\t\t<\/section>\n\t\t\t\t\t<\/div>\n\t\t<\/div>\n\t\t\t\t\t<\/div>\n\t\t<\/section>\n\t\t\t\t<section class=\"elementor-section elementor-top-section elementor-element elementor-element-d473116 elementor-section-boxed elementor-section-height-default elementor-section-height-default\" data-id=\"d473116\" data-element_type=\"section\" data-e-type=\"section\">\n\t\t\t\t\t\t<div class=\"elementor-container elementor-column-gap-default\">\n\t\t\t\t\t<div class=\"elementor-column elementor-col-100 elementor-top-column elementor-element elementor-element-dfc21de\" data-id=\"dfc21de\" data-element_type=\"column\" data-e-type=\"column\">\n\t\t\t<div class=\"elementor-widget-wrap elementor-element-populated\">\n\t\t\t\t\t\t\t<\/div>\n\t\t<\/div>\n\t\t\t\t\t<\/div>\n\t\t<\/section>\n\t\t\t\t<section class=\"elementor-section elementor-top-section elementor-element elementor-element-d97e2d2 elementor-section-boxed elementor-section-height-default elementor-section-height-default\" data-id=\"d97e2d2\" data-element_type=\"section\" data-e-type=\"section\">\n\t\t\t\t\t\t<div class=\"elementor-container elementor-column-gap-default\">\n\t\t\t\t\t<div class=\"elementor-column elementor-col-100 elementor-top-column elementor-element elementor-element-ec616f1\" data-id=\"ec616f1\" data-element_type=\"column\" data-e-type=\"column\">\n\t\t\t<div class=\"elementor-widget-wrap elementor-element-populated\">\n\t\t\t\t\t\t<div class=\"elementor-element elementor-element-2e783d6 elementor-arrows-position-inside elementor-pagination-position-outside elementor-widget elementor-widget-image-carousel\" data-id=\"2e783d6\" data-element_type=\"widget\" data-e-type=\"widget\" data-settings=\"{&quot;navigation&quot;:&quot;both&quot;,&quot;autoplay&quot;:&quot;yes&quot;,&quot;pause_on_hover&quot;:&quot;yes&quot;,&quot;pause_on_interaction&quot;:&quot;yes&quot;,&quot;autoplay_speed&quot;:5000,&quot;infinite&quot;:&quot;yes&quot;,&quot;speed&quot;:500}\" data-widget_type=\"image-carousel.default\">\n\t\t\t\t<div class=\"elementor-widget-container\">\n\t\t\t\t\t\t\t<div class=\"elementor-image-carousel-wrapper swiper\" role=\"region\" aria-roledescription=\"carousel\" aria-label=\"Carrousel d\u2019images\" dir=\"ltr\">\n\t\t\t<div class=\"elementor-image-carousel swiper-wrapper\" aria-live=\"off\">\n\t\t\t\t\t\t\t\t<div class=\"swiper-slide\" role=\"group\" aria-roledescription=\"slide\" aria-label=\"1 sur 5\"><figure class=\"swiper-slide-inner\"><img decoding=\"async\" class=\"swiper-slide-image lazyload\" data-src=\"https:\/\/parr78.fr\/Wpress\/wp-content\/uploads\/2021\/02\/031-187x300.jpg\" alt=\"inauguration des plaques sur l&#039;atelier de peinture\/ sculpture de ses parents a Rambouillet\" src=\"data:image\/svg+xml;base64,PHN2ZyB3aWR0aD0iMSIgaGVpZ2h0PSIxIiB4bWxucz0iaHR0cDovL3d3dy53My5vcmcvMjAwMC9zdmciPjwvc3ZnPg==\" style=\"--smush-placeholder-width: 187px; --smush-placeholder-aspect-ratio: 187\/300;\" \/><figcaption class=\"elementor-image-carousel-caption\">inauguration des plaques sur l'atelier de peinture\/ sculpture de ses parents a Rambouillet\n<\/figcaption><\/figure><\/div><div class=\"swiper-slide\" role=\"group\" aria-roledescription=\"slide\" aria-label=\"2 sur 5\"><figure class=\"swiper-slide-inner\"><img decoding=\"async\" class=\"swiper-slide-image lazyload\" data-src=\"https:\/\/parr78.fr\/Wpress\/wp-content\/uploads\/2021\/02\/030-300x201.jpg\" alt=\"inauguration des plaques sur l&#039;atelier de peinture\/ sculpture de ses parents a Rambouillet\" src=\"data:image\/svg+xml;base64,PHN2ZyB3aWR0aD0iMSIgaGVpZ2h0PSIxIiB4bWxucz0iaHR0cDovL3d3dy53My5vcmcvMjAwMC9zdmciPjwvc3ZnPg==\" style=\"--smush-placeholder-width: 300px; --smush-placeholder-aspect-ratio: 300\/201;\" \/><figcaption class=\"elementor-image-carousel-caption\">inauguration des plaques sur l'atelier de peinture\/ sculpture de ses parents a Rambouillet\n<\/figcaption><\/figure><\/div><div class=\"swiper-slide\" role=\"group\" aria-roledescription=\"slide\" aria-label=\"3 sur 5\"><figure class=\"swiper-slide-inner\"><img decoding=\"async\" class=\"swiper-slide-image lazyload\" data-src=\"https:\/\/parr78.fr\/Wpress\/wp-content\/uploads\/2021\/02\/029-300x225.jpg\" alt=\"inauguration des plaques sur l&#039;atelier de peinture\/ sculpture de ses parents a Rambouillet\" src=\"data:image\/svg+xml;base64,PHN2ZyB3aWR0aD0iMSIgaGVpZ2h0PSIxIiB4bWxucz0iaHR0cDovL3d3dy53My5vcmcvMjAwMC9zdmciPjwvc3ZnPg==\" style=\"--smush-placeholder-width: 300px; --smush-placeholder-aspect-ratio: 300\/225;\" \/><figcaption class=\"elementor-image-carousel-caption\">inauguration des plaques sur l'atelier de peinture\/ sculpture de ses parents a Rambouillet\n<\/figcaption><\/figure><\/div><div class=\"swiper-slide\" role=\"group\" aria-roledescription=\"slide\" aria-label=\"4 sur 5\"><figure class=\"swiper-slide-inner\"><img decoding=\"async\" class=\"swiper-slide-image lazyload\" data-src=\"https:\/\/parr78.fr\/Wpress\/wp-content\/uploads\/2021\/02\/028-Copie-300x206.jpg\" alt=\"inauguration de la r\u00e9fection de la chapelle de l Hopital...\" src=\"data:image\/svg+xml;base64,PHN2ZyB3aWR0aD0iMSIgaGVpZ2h0PSIxIiB4bWxucz0iaHR0cDovL3d3dy53My5vcmcvMjAwMC9zdmciPjwvc3ZnPg==\" style=\"--smush-placeholder-width: 300px; --smush-placeholder-aspect-ratio: 300\/206;\" \/><figcaption class=\"elementor-image-carousel-caption\">inauguration de la r\u00e9fection de la chapelle de l Hopital...\n<\/figcaption><\/figure><\/div><div class=\"swiper-slide\" role=\"group\" aria-roledescription=\"slide\" aria-label=\"5 sur 5\"><figure class=\"swiper-slide-inner\"><img decoding=\"async\" class=\"swiper-slide-image lazyload\" data-src=\"https:\/\/parr78.fr\/Wpress\/wp-content\/uploads\/2021\/02\/022-Copie-2-300x206.jpg\" alt=\"inauguration de la r\u00e9fection de la chapelle de l Hopital...\" src=\"data:image\/svg+xml;base64,PHN2ZyB3aWR0aD0iMSIgaGVpZ2h0PSIxIiB4bWxucz0iaHR0cDovL3d3dy53My5vcmcvMjAwMC9zdmciPjwvc3ZnPg==\" style=\"--smush-placeholder-width: 300px; --smush-placeholder-aspect-ratio: 300\/206;\" \/><figcaption class=\"elementor-image-carousel-caption\">inauguration de la r\u00e9fection de la chapelle de l Hopital...\n<\/figcaption><\/figure><\/div>\t\t\t<\/div>\n\t\t\t\t\t\t\t\t\t\t\t\t<div class=\"elementor-swiper-button elementor-swiper-button-prev\" role=\"button\" tabindex=\"0\">\n\t\t\t\t\t\t<i aria-hidden=\"true\" class=\"eicon-chevron-left\"><\/i>\t\t\t\t\t<\/div>\n\t\t\t\t\t<div class=\"elementor-swiper-button elementor-swiper-button-next\" role=\"button\" tabindex=\"0\">\n\t\t\t\t\t\t<i aria-hidden=\"true\" class=\"eicon-chevron-right\"><\/i>\t\t\t\t\t<\/div>\n\t\t\t\t\n\t\t\t\t\t\t\t\t\t<div class=\"swiper-pagination\"><\/div>\n\t\t\t\t\t\t\t\t\t<\/div>\n\t\t\t\t\t\t<\/div>\n\t\t\t\t<\/div>\n\t\t\t\t\t<\/div>\n\t\t<\/div>\n\t\t\t\t\t<\/div>\n\t\t<\/section>\n\t\t\t\t<section class=\"elementor-section elementor-top-section elementor-element elementor-element-cbba4db elementor-section-boxed elementor-section-height-default elementor-section-height-default\" data-id=\"cbba4db\" data-element_type=\"section\" data-e-type=\"section\" data-settings=\"{&quot;background_background&quot;:&quot;classic&quot;}\">\n\t\t\t\t\t\t<div class=\"elementor-container elementor-column-gap-default\">\n\t\t\t\t\t<div class=\"elementor-column elementor-col-33 elementor-top-column elementor-element elementor-element-0bb6ec6\" data-id=\"0bb6ec6\" data-element_type=\"column\" data-e-type=\"column\">\n\t\t\t<div class=\"elementor-widget-wrap elementor-element-populated\">\n\t\t\t\t\t\t<div class=\"elementor-element elementor-element-e88e72d elementor-widget elementor-widget-image\" data-id=\"e88e72d\" data-element_type=\"widget\" data-e-type=\"widget\" data-widget_type=\"image.default\">\n\t\t\t\t<div class=\"elementor-widget-container\">\n\t\t\t\t\t\t\t\t\t\t\t\t<figure class=\"wp-caption\">\n\t\t\t\t\t\t\t\t\t\t\t<a href=\"https:\/\/parr78.fr\/Wpress\/wp-content\/uploads\/2023\/07\/bulletin.png\">\n\t\t\t\t\t\t\t<img decoding=\"async\" width=\"1024\" height=\"689\" data-src=\"https:\/\/parr78.fr\/Wpress\/wp-content\/uploads\/2023\/07\/bulletin-1024x689.png\" class=\"attachment-large size-large wp-image-3560 lazyload\" alt=\"\" data-srcset=\"https:\/\/parr78.fr\/Wpress\/wp-content\/uploads\/2023\/07\/bulletin-1024x689.png 1024w, https:\/\/parr78.fr\/Wpress\/wp-content\/uploads\/2023\/07\/bulletin-300x202.png 300w, https:\/\/parr78.fr\/Wpress\/wp-content\/uploads\/2023\/07\/bulletin-768x517.png 768w, https:\/\/parr78.fr\/Wpress\/wp-content\/uploads\/2023\/07\/bulletin.png 1437w\" data-sizes=\"(max-width: 1024px) 100vw, 1024px\" src=\"data:image\/svg+xml;base64,PHN2ZyB3aWR0aD0iMSIgaGVpZ2h0PSIxIiB4bWxucz0iaHR0cDovL3d3dy53My5vcmcvMjAwMC9zdmciPjwvc3ZnPg==\" style=\"--smush-placeholder-width: 1024px; --smush-placeholder-aspect-ratio: 1024\/689;\" \/>\t\t\t\t\t\t\t\t<\/a>\n\t\t\t\t\t\t\t\t\t\t\t<figcaption class=\"widget-image-caption wp-caption-text\">bulletin d'inscription (JPEG)<\/figcaption>\n\t\t\t\t\t\t\t\t\t\t<\/figure>\n\t\t\t\t\t\t\t\t\t<\/div>\n\t\t\t\t<\/div>\n\t\t\t\t\t<\/div>\n\t\t<\/div>\n\t\t\t\t<div class=\"elementor-column elementor-col-33 elementor-top-column elementor-element elementor-element-e21db1a\" data-id=\"e21db1a\" data-element_type=\"column\" data-e-type=\"column\">\n\t\t\t<div class=\"elementor-widget-wrap elementor-element-populated\">\n\t\t\t\t\t\t<div class=\"elementor-element elementor-element-7e72238 elementor-widget elementor-widget-heading\" data-id=\"7e72238\" data-element_type=\"widget\" data-e-type=\"widget\" data-widget_type=\"heading.default\">\n\t\t\t\t<div class=\"elementor-widget-container\">\n\t\t\t\t\t<h2 class=\"elementor-heading-title elementor-size-default\">La cotisation annuelle de PARR s'\u00e9l\u00e8ve \u00e0 25\u20ac (et 30\u20ac pour un couple).<\/h2>\t\t\t\t<\/div>\n\t\t\t\t<\/div>\n\t\t\t\t<div class=\"elementor-element elementor-element-7c9b0cf elementor-widget elementor-widget-text-editor\" data-id=\"7c9b0cf\" data-element_type=\"widget\" data-e-type=\"widget\" data-widget_type=\"text-editor.default\">\n\t\t\t\t<div class=\"elementor-widget-container\">\n\t\t\t\t\t\t\t\t\t<p>Notre association \u00e9tant reconnue d&rsquo;int\u00e9r\u00eat g\u00e9n\u00e9ral, cette cotisation est d\u00e9ductible fiscalement selon les modalit\u00e9s en vigueur.<\/p><p>Pour adh\u00e9rer, sur la page d&rsquo;accueil du site, cliquez sur le bouton \u00ab\u00a0ADH\u00c9RER au PARR\u00a0\u00bb. Vous obtiendrai un bulletin d&rsquo;inscription. Adressez le nous, accompagn\u00e9 de votre r\u00e8glement.<br \/>Nous vous adresserons un re\u00e7u lib\u00e9ratoire.<\/p>\t\t\t\t\t\t\t\t<\/div>\n\t\t\t\t<\/div>\n\t\t\t\t\t<\/div>\n\t\t<\/div>\n\t\t\t\t<div class=\"elementor-column elementor-col-33 elementor-top-column elementor-element elementor-element-886197b\" data-id=\"886197b\" data-element_type=\"column\" data-e-type=\"column\">\n\t\t\t<div class=\"elementor-widget-wrap\">\n\t\t\t\t\t\t\t<\/div>\n\t\t<\/div>\n\t\t\t\t\t<\/div>\n\t\t<\/section>\n\t\t\t\t<section class=\"elementor-section elementor-top-section elementor-element elementor-element-1fd5b0f elementor-section-boxed elementor-section-height-default elementor-section-height-default\" data-id=\"1fd5b0f\" data-element_type=\"section\" data-e-type=\"section\">\n\t\t\t\t\t\t<div class=\"elementor-container elementor-column-gap-default\">\n\t\t\t\t\t<div class=\"elementor-column elementor-col-100 elementor-top-column elementor-element elementor-element-c2784d3\" data-id=\"c2784d3\" data-element_type=\"column\" data-e-type=\"column\">\n\t\t\t<div class=\"elementor-widget-wrap elementor-element-populated\">\n\t\t\t\t\t\t<div class=\"elementor-element elementor-element-8ff72d9 elementor-widget elementor-widget-image\" data-id=\"8ff72d9\" data-element_type=\"widget\" data-e-type=\"widget\" data-widget_type=\"image.default\">\n\t\t\t\t<div class=\"elementor-widget-container\">\n\t\t\t\t\t\t\t\t\t\t\t\t\t\t\t<img decoding=\"async\" width=\"1006\" height=\"174\" data-src=\"https:\/\/parr78.fr\/Wpress\/wp-content\/uploads\/2020\/03\/rib.jpg\" class=\"attachment-large size-large wp-image-1682 lazyload\" alt=\"\" data-srcset=\"https:\/\/parr78.fr\/Wpress\/wp-content\/uploads\/2020\/03\/rib.jpg 1006w, https:\/\/parr78.fr\/Wpress\/wp-content\/uploads\/2020\/03\/rib-300x52.jpg 300w, https:\/\/parr78.fr\/Wpress\/wp-content\/uploads\/2020\/03\/rib-768x133.jpg 768w\" data-sizes=\"(max-width: 1006px) 100vw, 1006px\" src=\"data:image\/svg+xml;base64,PHN2ZyB3aWR0aD0iMSIgaGVpZ2h0PSIxIiB4bWxucz0iaHR0cDovL3d3dy53My5vcmcvMjAwMC9zdmciPjwvc3ZnPg==\" style=\"--smush-placeholder-width: 1006px; --smush-placeholder-aspect-ratio: 1006\/174;\" \/>\t\t\t\t\t\t\t\t\t\t\t\t\t\t\t<\/div>\n\t\t\t\t<\/div>\n\t\t\t\t\t<\/div>\n\t\t<\/div>\n\t\t\t\t\t<\/div>\n\t\t<\/section>\n\t\t\t\t<\/div>\n\t\t","protected":false},"excerpt":{"rendered":"<p>Nos objectifs Cr\u00e9\u00e9e en 2002, PARR est une Association Loi 1901, qui compte pr\u00e8s de 200 adh\u00e9rents, unis dans l&rsquo;int\u00e9r\u00eat qu&rsquo;ils portent au patrimoine urbain et rural de Rambouillet et de sa r\u00e9gion. L&rsquo;association organise donc chaque ann\u00e9e de nombreuses conf\u00e9rences et visites. Elles sont annonc\u00e9es sur ce site.Mais PARR est \u00e9galement r\u00e9f\u00e9renc\u00e9e aupr\u00e8s de [&hellip;]<\/p>\n","protected":false},"author":1,"featured_media":0,"parent":0,"menu_order":0,"comment_status":"closed","ping_status":"closed","template":"","meta":{"ocean_post_layout":"full-screen","ocean_both_sidebars_style":"","ocean_both_sidebars_content_width":0,"ocean_both_sidebars_sidebars_width":0,"ocean_sidebar":"0","ocean_second_sidebar":"0","ocean_disable_margins":"enable","ocean_add_body_class":"","ocean_shortcode_before_top_bar":"","ocean_shortcode_after_top_bar":"","ocean_shortcode_before_header":"","ocean_shortcode_after_header":"","ocean_has_shortcode":"","ocean_shortcode_after_title":"","ocean_shortcode_before_footer_widgets":"","ocean_shortcode_after_footer_widgets":"","ocean_shortcode_before_footer_bottom":"","ocean_shortcode_after_footer_bottom":"","ocean_display_top_bar":"default","ocean_display_header":"default","ocean_header_style":"","ocean_center_header_left_menu":"0","ocean_custom_header_template":"0","ocean_custom_logo":0,"ocean_custom_retina_logo":0,"ocean_custom_logo_max_width":0,"ocean_custom_logo_tablet_max_width":0,"ocean_custom_logo_mobile_max_width":0,"ocean_custom_logo_max_height":0,"ocean_custom_logo_tablet_max_height":0,"ocean_custom_logo_mobile_max_height":0,"ocean_header_custom_menu":"0","ocean_menu_typo_font_family":"0","ocean_menu_typo_font_subset":"","ocean_menu_typo_font_size":0,"ocean_menu_typo_font_size_tablet":0,"ocean_menu_typo_font_size_mobile":0,"ocean_menu_typo_font_size_unit":"px","ocean_menu_typo_font_weight":"","ocean_menu_typo_font_weight_tablet":"","ocean_menu_typo_font_weight_mobile":"","ocean_menu_typo_transform":"","ocean_menu_typo_transform_tablet":"","ocean_menu_typo_transform_mobile":"","ocean_menu_typo_line_height":0,"ocean_menu_typo_line_height_tablet":0,"ocean_menu_typo_line_height_mobile":0,"ocean_menu_typo_line_height_unit":"","ocean_menu_typo_spacing":0,"ocean_menu_typo_spacing_tablet":0,"ocean_menu_typo_spacing_mobile":0,"ocean_menu_typo_spacing_unit":"","ocean_menu_link_color":"","ocean_menu_link_color_hover":"","ocean_menu_link_color_active":"","ocean_menu_link_background":"","ocean_menu_link_hover_background":"","ocean_menu_link_active_background":"","ocean_menu_social_links_bg":"","ocean_menu_social_hover_links_bg":"","ocean_menu_social_links_color":"","ocean_menu_social_hover_links_color":"","ocean_disable_title":"default","ocean_disable_heading":"default","ocean_post_title":"","ocean_post_subheading":"","ocean_post_title_style":"","ocean_post_title_background_color":"","ocean_post_title_background":0,"ocean_post_title_bg_image_position":"","ocean_post_title_bg_image_attachment":"","ocean_post_title_bg_image_repeat":"","ocean_post_title_bg_image_size":"","ocean_post_title_height":0,"ocean_post_title_bg_overlay":0.5,"ocean_post_title_bg_overlay_color":"","ocean_disable_breadcrumbs":"default","ocean_breadcrumbs_color":"","ocean_breadcrumbs_separator_color":"","ocean_breadcrumbs_links_color":"","ocean_breadcrumbs_links_hover_color":"","ocean_display_footer_widgets":"default","ocean_display_footer_bottom":"default","ocean_custom_footer_template":"0","footnotes":""},"class_list":["post-58","page","type-page","status-publish","hentry","entry"],"rttpg_featured_image_url":null,"rttpg_author":{"display_name":"christian","author_link":"https:\/\/parr78.fr\/Wpress\/author\/christian\/"},"rttpg_comment":0,"rttpg_category":null,"rttpg_excerpt":"Nos objectifs Cr\u00e9\u00e9e en 2002, PARR est une Association Loi 1901, qui compte pr\u00e8s de 200 adh\u00e9rents, unis dans l&rsquo;int\u00e9r\u00eat qu&rsquo;ils portent au patrimoine urbain et rural de Rambouillet et de sa r\u00e9gion. L&rsquo;association organise donc chaque ann\u00e9e de nombreuses conf\u00e9rences et visites. Elles sont annonc\u00e9es sur ce site.Mais PARR est \u00e9galement r\u00e9f\u00e9renc\u00e9e aupr\u00e8s de\u2026","_links":{"self":[{"href":"https:\/\/parr78.fr\/Wpress\/wp-json\/wp\/v2\/pages\/58","targetHints":{"allow":["GET"]}}],"collection":[{"href":"https:\/\/parr78.fr\/Wpress\/wp-json\/wp\/v2\/pages"}],"about":[{"href":"https:\/\/parr78.fr\/Wpress\/wp-json\/wp\/v2\/types\/page"}],"author":[{"embeddable":true,"href":"https:\/\/parr78.fr\/Wpress\/wp-json\/wp\/v2\/users\/1"}],"replies":[{"embeddable":true,"href":"https:\/\/parr78.fr\/Wpress\/wp-json\/wp\/v2\/comments?post=58"}],"version-history":[{"count":123,"href":"https:\/\/parr78.fr\/Wpress\/wp-json\/wp\/v2\/pages\/58\/revisions"}],"predecessor-version":[{"id":4442,"href":"https:\/\/parr78.fr\/Wpress\/wp-json\/wp\/v2\/pages\/58\/revisions\/4442"}],"wp:attachment":[{"href":"https:\/\/parr78.fr\/Wpress\/wp-json\/wp\/v2\/media?parent=58"}],"curies":[{"name":"wp","href":"https:\/\/api.w.org\/{rel}","templated":true}]}}