{"id":146,"date":"2018-11-07T15:40:03","date_gmt":"2018-11-07T14:40:03","guid":{"rendered":"http:\/\/parr78.fr\/Wpress\/?page_id=146"},"modified":"2025-09-01T19:26:35","modified_gmt":"2025-09-01T17:26:35","slug":"accueil","status":"publish","type":"page","link":"https:\/\/parr78.fr\/Wpress\/","title":{"rendered":"accueil"},"content":{"rendered":"\t\t<div data-elementor-type=\"wp-post\" data-elementor-id=\"146\" class=\"elementor elementor-146\">\n\t\t\t\t\t\t<section class=\"elementor-section elementor-top-section elementor-element elementor-element-c2daceb elementor-section-full_width elementor-section-height-default elementor-section-height-default\" data-id=\"c2daceb\" data-element_type=\"section\" data-e-type=\"section\">\n\t\t\t\t\t\t<div class=\"elementor-container elementor-column-gap-default\">\n\t\t\t\t\t<div class=\"elementor-column elementor-col-100 elementor-top-column elementor-element elementor-element-8e63c56\" data-id=\"8e63c56\" data-element_type=\"column\" data-e-type=\"column\">\n\t\t\t<div class=\"elementor-widget-wrap elementor-element-populated\">\n\t\t\t\t\t\t<div class=\"elementor-element elementor-element-ef340a7 elementor-widget elementor-widget-text-editor\" data-id=\"ef340a7\" data-element_type=\"widget\" data-e-type=\"widget\" data-widget_type=\"text-editor.default\">\n\t\t\t\t<div class=\"elementor-widget-container\">\n\t\t\t\t\t\t\t\t\t<p style=\"text-align: center;\">Du pass\u00e9 construisons l&rsquo;avenir.<\/p>\t\t\t\t\t\t\t\t<\/div>\n\t\t\t\t<\/div>\n\t\t\t\t\t<\/div>\n\t\t<\/div>\n\t\t\t\t\t<\/div>\n\t\t<\/section>\n\t\t\t\t<section class=\"elementor-section elementor-top-section elementor-element elementor-element-deaa82e elementor-section-boxed elementor-section-height-default elementor-section-height-default\" data-id=\"deaa82e\" data-element_type=\"section\" data-e-type=\"section\">\n\t\t\t\t\t\t<div class=\"elementor-container elementor-column-gap-default\">\n\t\t\t\t\t<div class=\"elementor-column elementor-col-33 elementor-top-column elementor-element elementor-element-be98a05\" data-id=\"be98a05\" data-element_type=\"column\" data-e-type=\"column\">\n\t\t\t<div class=\"elementor-widget-wrap elementor-element-populated\">\n\t\t\t\t\t\t<div class=\"elementor-element elementor-element-80a2df6 elementor-widget elementor-widget-heading\" data-id=\"80a2df6\" data-element_type=\"widget\" data-e-type=\"widget\" data-widget_type=\"heading.default\">\n\t\t\t\t<div class=\"elementor-widget-container\">\n\t\t\t\t\t<h2 class=\"elementor-heading-title elementor-size-large\">Rambouillet<\/h2>\t\t\t\t<\/div>\n\t\t\t\t<\/div>\n\t\t\t\t<div class=\"elementor-element elementor-element-b22e853 elementor-widget elementor-widget-image\" data-id=\"b22e853\" data-element_type=\"widget\" data-e-type=\"widget\" data-widget_type=\"image.default\">\n\t\t\t\t<div class=\"elementor-widget-container\">\n\t\t\t\t\t\t\t\t\t\t\t\t\t\t\t<img fetchpriority=\"high\" decoding=\"async\" width=\"768\" height=\"810\" src=\"https:\/\/parr78.fr\/Wpress\/wp-content\/uploads\/2023\/10\/RAMBOUILLET2-768x810.jpg\" class=\"attachment-medium_large size-medium_large wp-image-3648\" alt=\"\" srcset=\"https:\/\/parr78.fr\/Wpress\/wp-content\/uploads\/2023\/10\/RAMBOUILLET2-768x810.jpg 768w, https:\/\/parr78.fr\/Wpress\/wp-content\/uploads\/2023\/10\/RAMBOUILLET2-284x300.jpg 284w, https:\/\/parr78.fr\/Wpress\/wp-content\/uploads\/2023\/10\/RAMBOUILLET2-971x1024.jpg 971w, https:\/\/parr78.fr\/Wpress\/wp-content\/uploads\/2023\/10\/RAMBOUILLET2-1456x1536.jpg 1456w, https:\/\/parr78.fr\/Wpress\/wp-content\/uploads\/2023\/10\/RAMBOUILLET2-1942x2048.jpg 1942w\" sizes=\"(max-width: 768px) 100vw, 768px\" \/>\t\t\t\t\t\t\t\t\t\t\t\t\t\t\t<\/div>\n\t\t\t\t<\/div>\n\t\t\t\t<div class=\"elementor-element elementor-element-403d2dc elementor-widget elementor-widget-text-editor\" data-id=\"403d2dc\" data-element_type=\"widget\" data-e-type=\"widget\" data-widget_type=\"text-editor.default\">\n\t\t\t\t<div class=\"elementor-widget-container\">\n\t\t\t\t\t\t\t\t\t<p><strong>LE PLAN LOCAL D\u2019URBANISME.\u00a0 \u00a0CLIQUEZ <a href=\"https:\/\/parr78.fr\/Wpress\/le-plan-local-durbanisme\/\"><em>ICI<\/em><\/a>.<\/strong><\/p>\t\t\t\t\t\t\t\t<\/div>\n\t\t\t\t<\/div>\n\t\t\t\t\t<\/div>\n\t\t<\/div>\n\t\t\t\t<div class=\"elementor-column elementor-col-33 elementor-top-column elementor-element elementor-element-bdfbd7d\" data-id=\"bdfbd7d\" data-element_type=\"column\" data-e-type=\"column\">\n\t\t\t<div class=\"elementor-widget-wrap elementor-element-populated\">\n\t\t\t\t\t\t<div class=\"elementor-element elementor-element-7013a93 elementor-widget elementor-widget-text-editor\" data-id=\"7013a93\" data-element_type=\"widget\" data-e-type=\"widget\" data-widget_type=\"text-editor.default\">\n\t\t\t\t<div class=\"elementor-widget-container\">\n\t\t\t\t\t\t\t\t\t<p style=\"text-align: left;\">Les br\u00e8ves.<\/p><p>\u00a0\u00a0\u00a0\u00a0\u00a0 <a href=\"https:\/\/parr78.fr\/Wpress\/visites\/\">&#8211; Visites.<\/a><\/p><p>\u00a0\u00a0\u00a0\u00a0\u00a0 &#8211; <a href=\"https:\/\/parr78.fr\/Wpress\/nos-conferences\/\">Conf\u00e9rences.<\/a><\/p><p>\u00a0\u00a0\u00a0\u00a0\u00a0<a href=\"https:\/\/parr78.fr\/Wpress\/temoignages\/\"> &#8211; Actualit\u00e9s.<\/a><\/p><p><a href=\"https:\/\/parr78.fr\/Wpress\/mot-du-president\/\">Le mot du pr\u00e9sident.<\/a><\/p><h2><span style=\"color: #ff0000;\"><a style=\"color: #ff0000; text-decoration: underline;\" href=\"https:\/\/parr78.fr\/Wpress\/wp-content\/uploads\/2024\/02\/bulletin-dadhesion-PARR.pdf\">\u00a0 ADH\u00c9RER au PARR<\/a><\/span><\/h2>\t\t\t\t\t\t\t\t<\/div>\n\t\t\t\t<\/div>\n\t\t\t\t\t<\/div>\n\t\t<\/div>\n\t\t\t\t<div class=\"elementor-column elementor-col-33 elementor-top-column elementor-element elementor-element-2fed01f\" data-id=\"2fed01f\" data-element_type=\"column\" data-e-type=\"column\">\n\t\t\t<div class=\"elementor-widget-wrap elementor-element-populated\">\n\t\t\t\t\t\t<div class=\"elementor-element elementor-element-2f3a053 elementor-widget elementor-widget-heading\" data-id=\"2f3a053\" data-element_type=\"widget\" data-e-type=\"widget\" data-widget_type=\"heading.default\">\n\t\t\t\t<div class=\"elementor-widget-container\">\n\t\t\t\t\t<h2 class=\"elementor-heading-title elementor-size-large\">Rambouillet Territoires<\/h2>\t\t\t\t<\/div>\n\t\t\t\t<\/div>\n\t\t\t\t<div class=\"elementor-element elementor-element-9c9fbfc elementor-widget elementor-widget-text-editor\" data-id=\"9c9fbfc\" data-element_type=\"widget\" data-e-type=\"widget\" data-widget_type=\"text-editor.default\">\n\t\t\t\t<div class=\"elementor-widget-container\">\n\t\t\t\t\t\t\t\t\t<h2 style=\"text-align: center;\">Aujourd&rsquo;hui :\u00a0 <a href=\"http:\/\/parr78.fr\/Wpress\/dossier-gazeran\/\">GAZERAN<\/a><\/h2><p style=\"text-align: center;\"><strong>Pour lire l&rsquo;article : <em>cliquez sur le nom de la ville<\/em>.<\/strong><\/p>\t\t\t\t\t\t\t\t<\/div>\n\t\t\t\t<\/div>\n\t\t\t\t<div class=\"elementor-element elementor-element-b8f4d94 elementor-widget elementor-widget-image\" data-id=\"b8f4d94\" data-element_type=\"widget\" data-e-type=\"widget\" data-widget_type=\"image.default\">\n\t\t\t\t<div class=\"elementor-widget-container\">\n\t\t\t\t\t\t\t\t\t\t\t\t\t\t\t<img decoding=\"async\" width=\"1024\" height=\"768\" data-src=\"https:\/\/parr78.fr\/Wpress\/wp-content\/uploads\/2024\/02\/P1040839-1024x768.jpg\" class=\"attachment-large size-large wp-image-3803 lazyload\" alt=\"\" data-srcset=\"https:\/\/parr78.fr\/Wpress\/wp-content\/uploads\/2024\/02\/P1040839-1024x768.jpg 1024w, https:\/\/parr78.fr\/Wpress\/wp-content\/uploads\/2024\/02\/P1040839-300x225.jpg 300w, https:\/\/parr78.fr\/Wpress\/wp-content\/uploads\/2024\/02\/P1040839-768x576.jpg 768w, https:\/\/parr78.fr\/Wpress\/wp-content\/uploads\/2024\/02\/P1040839-1536x1152.jpg 1536w, https:\/\/parr78.fr\/Wpress\/wp-content\/uploads\/2024\/02\/P1040839-2048x1536.jpg 2048w\" data-sizes=\"(max-width: 1024px) 100vw, 1024px\" src=\"data:image\/svg+xml;base64,PHN2ZyB3aWR0aD0iMSIgaGVpZ2h0PSIxIiB4bWxucz0iaHR0cDovL3d3dy53My5vcmcvMjAwMC9zdmciPjwvc3ZnPg==\" style=\"--smush-placeholder-width: 1024px; --smush-placeholder-aspect-ratio: 1024\/768;\" \/>\t\t\t\t\t\t\t\t\t\t\t\t\t\t\t<\/div>\n\t\t\t\t<\/div>\n\t\t\t\t\t<\/div>\n\t\t<\/div>\n\t\t\t\t\t<\/div>\n\t\t<\/section>\n\t\t\t\t<\/div>\n\t\t","protected":false},"excerpt":{"rendered":"<p>Du pass\u00e9 construisons l&rsquo;avenir. Rambouillet LE PLAN LOCAL D\u2019URBANISME.&nbsp; &nbsp;CLIQUEZ ICI. Les br\u00e8ves. &nbsp;&nbsp;&nbsp;&nbsp;&nbsp; &#8211; Visites. &nbsp;&nbsp;&nbsp;&nbsp;&nbsp; &#8211; Conf\u00e9rences. &nbsp;&nbsp;&nbsp;&nbsp;&nbsp; &#8211; Actualit\u00e9s. Le mot du pr\u00e9sident. &nbsp; ADH\u00c9RER au PARR Rambouillet Territoires Aujourd&rsquo;hui :&nbsp; GAZERAN Pour lire l&rsquo;article : cliquez sur le nom de la ville.<\/p>\n","protected":false},"author":1,"featured_media":0,"parent":0,"menu_order":0,"comment_status":"closed","ping_status":"closed","template":"elementor_header_footer","meta":{"ocean_post_layout":"full-screen","ocean_both_sidebars_style":"","ocean_both_sidebars_content_width":0,"ocean_both_sidebars_sidebars_width":0,"ocean_sidebar":"0","ocean_second_sidebar":"0","ocean_disable_margins":"on","ocean_add_body_class":"","ocean_shortcode_before_top_bar":"","ocean_shortcode_after_top_bar":"","ocean_shortcode_before_header":"","ocean_shortcode_after_header":"","ocean_has_shortcode":"","ocean_shortcode_after_title":"","ocean_shortcode_before_footer_widgets":"","ocean_shortcode_after_footer_widgets":"","ocean_shortcode_before_footer_bottom":"","ocean_shortcode_after_footer_bottom":"","ocean_display_top_bar":"default","ocean_display_header":"default","ocean_header_style":"","ocean_center_header_left_menu":"0","ocean_custom_header_template":"0","ocean_custom_logo":0,"ocean_custom_retina_logo":0,"ocean_custom_logo_max_width":0,"ocean_custom_logo_tablet_max_width":0,"ocean_custom_logo_mobile_max_width":0,"ocean_custom_logo_max_height":0,"ocean_custom_logo_tablet_max_height":0,"ocean_custom_logo_mobile_max_height":0,"ocean_header_custom_menu":"0","ocean_menu_typo_font_family":"0","ocean_menu_typo_font_subset":"","ocean_menu_typo_font_size":0,"ocean_menu_typo_font_size_tablet":0,"ocean_menu_typo_font_size_mobile":0,"ocean_menu_typo_font_size_unit":"px","ocean_menu_typo_font_weight":"","ocean_menu_typo_font_weight_tablet":"","ocean_menu_typo_font_weight_mobile":"","ocean_menu_typo_transform":"","ocean_menu_typo_transform_tablet":"","ocean_menu_typo_transform_mobile":"","ocean_menu_typo_line_height":0,"ocean_menu_typo_line_height_tablet":0,"ocean_menu_typo_line_height_mobile":0,"ocean_menu_typo_line_height_unit":"","ocean_menu_typo_spacing":0,"ocean_menu_typo_spacing_tablet":0,"ocean_menu_typo_spacing_mobile":0,"ocean_menu_typo_spacing_unit":"","ocean_menu_link_color":"","ocean_menu_link_color_hover":"","ocean_menu_link_color_active":"","ocean_menu_link_background":"","ocean_menu_link_hover_background":"","ocean_menu_link_active_background":"","ocean_menu_social_links_bg":"","ocean_menu_social_hover_links_bg":"","ocean_menu_social_links_color":"","ocean_menu_social_hover_links_color":"","ocean_disable_title":"default","ocean_disable_heading":"default","ocean_post_title":"","ocean_post_subheading":"","ocean_post_title_style":"","ocean_post_title_background_color":"","ocean_post_title_background":0,"ocean_post_title_bg_image_position":"","ocean_post_title_bg_image_attachment":"","ocean_post_title_bg_image_repeat":"","ocean_post_title_bg_image_size":"","ocean_post_title_height":0,"ocean_post_title_bg_overlay":0.5,"ocean_post_title_bg_overlay_color":"","ocean_disable_breadcrumbs":"default","ocean_breadcrumbs_color":"","ocean_breadcrumbs_separator_color":"","ocean_breadcrumbs_links_color":"","ocean_breadcrumbs_links_hover_color":"","ocean_display_footer_widgets":"default","ocean_display_footer_bottom":"default","ocean_custom_footer_template":"1339","footnotes":""},"class_list":["post-146","page","type-page","status-publish","hentry","entry"],"rttpg_featured_image_url":null,"rttpg_author":{"display_name":"christian","author_link":"https:\/\/parr78.fr\/Wpress\/author\/christian\/"},"rttpg_comment":0,"rttpg_category":null,"rttpg_excerpt":"Du pass\u00e9 construisons l&rsquo;avenir. Rambouillet LE PLAN LOCAL D\u2019URBANISME.&nbsp; &nbsp;CLIQUEZ ICI. Les br\u00e8ves. &nbsp;&nbsp;&nbsp;&nbsp;&nbsp; &#8211; Visites. &nbsp;&nbsp;&nbsp;&nbsp;&nbsp; &#8211; Conf\u00e9rences. &nbsp;&nbsp;&nbsp;&nbsp;&nbsp; &#8211; Actualit\u00e9s. Le mot du pr\u00e9sident. &nbsp; ADH\u00c9RER au PARR Rambouillet Territoires Aujourd&rsquo;hui :&nbsp; GAZERAN Pour lire l&rsquo;article : cliquez sur le nom de la ville.","_links":{"self":[{"href":"https:\/\/parr78.fr\/Wpress\/wp-json\/wp\/v2\/pages\/146","targetHints":{"allow":["GET"]}}],"collection":[{"href":"https:\/\/parr78.fr\/Wpress\/wp-json\/wp\/v2\/pages"}],"about":[{"href":"https:\/\/parr78.fr\/Wpress\/wp-json\/wp\/v2\/types\/page"}],"author":[{"embeddable":true,"href":"https:\/\/parr78.fr\/Wpress\/wp-json\/wp\/v2\/users\/1"}],"replies":[{"embeddable":true,"href":"https:\/\/parr78.fr\/Wpress\/wp-json\/wp\/v2\/comments?post=146"}],"version-history":[{"count":363,"href":"https:\/\/parr78.fr\/Wpress\/wp-json\/wp\/v2\/pages\/146\/revisions"}],"predecessor-version":[{"id":4327,"href":"https:\/\/parr78.fr\/Wpress\/wp-json\/wp\/v2\/pages\/146\/revisions\/4327"}],"wp:attachment":[{"href":"https:\/\/parr78.fr\/Wpress\/wp-json\/wp\/v2\/media?parent=146"}],"curies":[{"name":"wp","href":"https:\/\/api.w.org\/{rel}","templated":true}]}}